{"id":4816,"date":"2026-02-05T15:06:59","date_gmt":"2026-02-05T15:06:59","guid":{"rendered":"https:\/\/www.petrilloandgoldberg.com\/frequently-asked-questions\/what-are-my-rights-when-i-am-hurt-at-work\/"},"modified":"2026-03-06T22:47:54","modified_gmt":"2026-03-06T22:47:54","slug":"cuales-son-mis-derechos-si-sufro-un-accidente-laboral","status":"publish","type":"faq","link":"https:\/\/www.petrilloandgoldberg.com\/es\/frequently-asked-questions\/what-are-my-rights-when-i-am-hurt-at-work\/","title":{"rendered":"\u00bfCu\u00e1les son mis derechos cuando me lesiono en el trabajo?"},"content":{"rendered":"<p class=\"wp-block-paragraph\">Si sufre una lesi\u00f3n mientras est\u00e1 trabajando, tiene derecho a una serie de prestaciones b\u00e1sicas en virtud de la ley de indemnizaci\u00f3n por accidentes de trabajo de Nueva Jersey. Entre ellos se incluyen el derecho a recibir tratamiento m\u00e9dico, el derecho a obtener una indemnizaci\u00f3n, es decir, por incapacidad temporal, por el tiempo perdido, y el derecho a obtener una indemnizaci\u00f3n por cualquier secuela de la lesi\u00f3n si se determina que dichas secuelas son permanentes, lo que constituir\u00eda una incapacidad permanente parcial. Las prestaciones por incapacidad temporal equivalen al 70 % del salario, hasta un importe fijado por el estado.<\/p>\n\n\n\n<p class=\"wp-block-paragraph\">En caso de sufrir una lesi\u00f3n en el trabajo, el empleado tiene la obligaci\u00f3n de comunicar dicha lesi\u00f3n a su superior o a su empleador lo antes posible, as\u00ed como de acudir al m\u00e9dico para recibir atenci\u00f3n m\u00e9dica. Independientemente de qui\u00e9n sea el responsable de la lesi\u00f3n, la compa\u00f1\u00eda de seguros del empleador estar\u00e1 obligada a pagar el tratamiento m\u00e9dico prestado por un m\u00e9dico autorizado por dicha compa\u00f1\u00eda. Los empleados disponen de dos a\u00f1os a partir de la fecha de la lesi\u00f3n laboral para presentar una reclamaci\u00f3n de indemnizaci\u00f3n por accidente de trabajo. Sin embargo, a veces una lesi\u00f3n o enfermedad no se manifiesta de inmediato, por ejemplo, da\u00f1os en los pulmones por inhalaci\u00f3n de humos nocivos, en cuyo caso el plazo de prescripci\u00f3n de dos a\u00f1os comienza una vez que el m\u00e9dico diagnostica la afecci\u00f3n.<\/p>","protected":false},"template":"","faq-category":[673],"class_list":["post-4816","faq","type-faq","status-publish","hentry","faq-category-workers-compensation"],"acf":[],"_links":{"self":[{"href":"https:\/\/www.petrilloandgoldberg.com\/es\/wp-json\/wp\/v2\/faq\/4816","targetHints":{"allow":["GET"]}}],"collection":[{"href":"https:\/\/www.petrilloandgoldberg.com\/es\/wp-json\/wp\/v2\/faq"}],"about":[{"href":"https:\/\/www.petrilloandgoldberg.com\/es\/wp-json\/wp\/v2\/types\/faq"}],"wp:attachment":[{"href":"https:\/\/www.petrilloandgoldberg.com\/es\/wp-json\/wp\/v2\/media?parent=4816"}],"wp:term":[{"taxonomy":"faq-category","embeddable":true,"href":"https:\/\/www.petrilloandgoldberg.com\/es\/wp-json\/wp\/v2\/faq-category?post=4816"}],"curies":[{"name":"wp","href":"https:\/\/api.w.org\/{rel}","templated":true}]}}